{"id":528,"date":"2024-10-16T21:46:26","date_gmt":"2024-10-16T19:46:26","guid":{"rendered":"https:\/\/maisondebeautecapeyron.fr\/?page_id=528"},"modified":"2025-12-01T14:02:54","modified_gmt":"2025-12-01T13:02:54","slug":"nos-epilations","status":"publish","type":"page","link":"https:\/\/maisondebeautecapeyron.fr\/index.php\/nos-epilations\/","title":{"rendered":"Nos Epilations"},"content":{"rendered":"<p>[et_pb_section fb_built=\u00a0\u00bb1&Prime; _builder_version=\u00a0\u00bb4.24.0&Prime; _module_preset=\u00a0\u00bbdefault\u00a0\u00bb background_image=\u00a0\u00bbhttp:\/\/maisondebeautecapeyron.fr\/wp-content\/uploads\/2024\/10\/CY1A8536-scaled.jpg\u00a0\u00bb global_colors_info=\u00a0\u00bb{}\u00a0\u00bb][et_pb_row _builder_version=\u00a0\u00bb4.24.0&Prime; _module_preset=\u00a0\u00bbdefault\u00a0\u00bb global_colors_info=\u00a0\u00bb{}\u00a0\u00bb][et_pb_column type=\u00a0\u00bb4_4&Prime; _builder_version=\u00a0\u00bb4.24.0&Prime; _module_preset=\u00a0\u00bbdefault\u00a0\u00bb global_colors_info=\u00a0\u00bb{}\u00a0\u00bb][et_pb_heading title=\u00a0\u00bbNos \u00c9pilations\u00a0\u00bb _builder_version=\u00a0\u00bb4.24.0&Prime; _module_preset=\u00a0\u00bb29209401-500a-4649-b0c5-1904fd7cb197&Prime; title_font=\u00a0\u00bbOranienbaum||||||||\u00a0\u00bb title_text_color=\u00a0\u00bbgcid-ff4238ef-1712-4e1c-9161-9652514bffb3&Prime; max_width=\u00a0\u00bb1080px\u00a0\u00bb title_font_size_phone=\u00a0\u00bb34px\u00a0\u00bb global_colors_info=\u00a0\u00bb{%22gcid-ff4238ef-1712-4e1c-9161-9652514bffb3%22:%91%22title_text_color%22%93}\u00a0\u00bb][\/et_pb_heading][\/et_pb_column][\/et_pb_row][\/et_pb_section][et_pb_section fb_built=\u00a0\u00bb1&Prime; _builder_version=\u00a0\u00bb4.24.0&Prime; _module_preset=\u00a0\u00bbdefault\u00a0\u00bb background_color=\u00a0\u00bbgcid-d340c507-6d54-4d0b-a992-dc161371447a\u00a0\u00bb global_colors_info=\u00a0\u00bb{%22gcid-d340c507-6d54-4d0b-a992-dc161371447a%22:%91%22background_color%22%93}\u00a0\u00bb][et_pb_row _builder_version=\u00a0\u00bb4.24.0&Prime; _module_preset=\u00a0\u00bbdefault\u00a0\u00bb global_colors_info=\u00a0\u00bb{}\u00a0\u00bb][et_pb_column type=\u00a0\u00bb4_4&Prime; _builder_version=\u00a0\u00bb4.24.0&Prime; _module_preset=\u00a0\u00bbdefault\u00a0\u00bb global_colors_info=\u00a0\u00bb{}\u00a0\u00bb][et_pb_text _builder_version=\u00a0\u00bb4.24.0&Prime; _module_preset=\u00a0\u00bbdefault\u00a0\u00bb text_font=\u00a0\u00bbPoppins||||||||\u00a0\u00bb text_text_color=\u00a0\u00bbgcid-b92786ff-ec87-4324-a2ab-968e5bd0cb80&Prime; global_colors_info=\u00a0\u00bb{%22gcid-b92786ff-ec87-4324-a2ab-968e5bd0cb80%22:%91%22text_text_color%22%93}\u00a0\u00bb]<\/p>\n<p style=\"text-align: center;\">D\u00e9couvrez nos services d\u2019\u00e9pilation pour une peau douce et soyeuse. Que vous optiez pour l\u2019\u00e9pilation \u00e0 la cire, au fil, ou l\u2019\u00e9pilation d\u00e9finitive, nous vous proposons des solutions adapt\u00e9es \u00e0 tous les besoins. L\u2019\u00e9pilation au fil, m\u00e9thode traditionnelle et naturelle, garantit une pr\u00e9cision in\u00e9gal\u00e9e, tout en \u00e9tant douce et indolore, id\u00e9ale pour les zones sensibles du visage. Nos \u00e9pilations \u00e0 la cire sont rapides et efficaces, tandis que nos techniques d\u2019\u00e9pilation d\u00e9finitive vous offrent une solution durable. Profitez d\u2019un service expert dans un cadre apaisant pour sublimer votre peau.<\/p>\n<p>[\/et_pb_text][\/et_pb_column][\/et_pb_row][\/et_pb_section][et_pb_section fb_built=\u00a0\u00bb1&Prime; admin_label=\u00a0\u00bbCategories\u00a0\u00bb _builder_version=\u00a0\u00bb4.24.0&Prime; _module_preset=\u00a0\u00bbdefault\u00a0\u00bb background_color=\u00a0\u00bbRGBA(255,255,255,0)\u00a0\u00bb custom_margin=\u00a0\u00bb||0px||false|false\u00a0\u00bb custom_padding=\u00a0\u00bb0px|0px|0px|0px|true|true\u00a0\u00bb global_colors_info=\u00a0\u00bb{}\u00a0\u00bb][et_pb_row column_structure=\u00a0\u00bb1_3,1_3,1_3&Prime; use_custom_gutter=\u00a0\u00bbon\u00a0\u00bb gutter_width=\u00a0\u00bb1&Prime; _builder_version=\u00a0\u00bb4.24.0&Prime; _module_preset=\u00a0\u00bbdefault\u00a0\u00bb width=\u00a0\u00bb100%\u00a0\u00bb max_width=\u00a0\u00bb100%\u00a0\u00bb custom_padding=\u00a0\u00bb0px||0px||true|false\u00a0\u00bb hover_enabled=\u00a0\u00bb0&Prime; global_colors_info=\u00a0\u00bb{}\u00a0\u00bb sticky_enabled=\u00a0\u00bb0&Prime;][et_pb_column type=\u00a0\u00bb1_3&Prime; _builder_version=\u00a0\u00bb4.24.0&Prime; _module_preset=\u00a0\u00bbba2a23af-64ca-4d19-a5aa-884c6f0bb941&Prime; background_color_gradient_stops=\u00a0\u00bbgcid-b92786ff-ec87-4324-a2ab-968e5bd0cb80 0%|rgba(0,0,0,0.14) 100%\u00a0\u00bb background_image=\u00a0\u00bbhttp:\/\/maisondebeautecapeyron.fr\/wp-content\/uploads\/2024\/10\/CY1A9522-scaled.jpg\u00a0\u00bb custom_padding=\u00a0\u00bb14vw|60px|14vw|60px|true|true\u00a0\u00bb global_colors_info=\u00a0\u00bb{%22gcid-b92786ff-ec87-4324-a2ab-968e5bd0cb80%22:%91%22background_color_gradient_stops%22%93}\u00a0\u00bb custom_padding__hover=\u00a0\u00bb13vw||15vw||false|true\u00a0\u00bb][et_pb_heading title=\u00a0\u00bbEpilation \u00e0 la cire ti\u00e8de\u00a0\u00bb _builder_version=\u00a0\u00bb4.24.0&Prime; _module_preset=\u00a0\u00bb36e5d851-273f-41e0-930f-e5bb1b4e2ef9&Prime; title_font=\u00a0\u00bbOranienbaum|700|||||||\u00a0\u00bb title_text_align=\u00a0\u00bbcenter\u00a0\u00bb title_text_color=\u00a0\u00bbgcid-d340c507-6d54-4d0b-a992-dc161371447a\u00a0\u00bb title_font_size_phone=\u00a0\u00bb16px\u00a0\u00bb global_colors_info=\u00a0\u00bb{%22gcid-d340c507-6d54-4d0b-a992-dc161371447a%22:%91%22title_text_color%22%93}\u00a0\u00bb][\/et_pb_heading][\/et_pb_column][et_pb_column type=\u00a0\u00bb1_3&Prime; _builder_version=\u00a0\u00bb4.24.0&Prime; _module_preset=\u00a0\u00bbba2a23af-64ca-4d19-a5aa-884c6f0bb941&Prime; background_color_gradient_stops=\u00a0\u00bbgcid-b92786ff-ec87-4324-a2ab-968e5bd0cb80 0%|rgba(0,0,0,0.14) 100%\u00a0\u00bb background_image=\u00a0\u00bbhttp:\/\/maisondebeautecapeyron.fr\/wp-content\/uploads\/2024\/10\/CY1A0475-scaled.jpg\u00a0\u00bb custom_padding=\u00a0\u00bb14vw|60px|14vw|60px|true|true\u00a0\u00bb global_colors_info=\u00a0\u00bb{%22gcid-b92786ff-ec87-4324-a2ab-968e5bd0cb80%22:%91%22background_color_gradient_stops%22%93}\u00a0\u00bb custom_padding__hover=\u00a0\u00bb13vw||15vw||false|true\u00a0\u00bb][et_pb_heading title=\u00a0\u00bbEpilation au fil de coton\u00a0\u00bb _builder_version=\u00a0\u00bb4.24.0&Prime; _module_preset=\u00a0\u00bb36e5d851-273f-41e0-930f-e5bb1b4e2ef9&Prime; title_font=\u00a0\u00bbOranienbaum|700|||||||\u00a0\u00bb title_text_align=\u00a0\u00bbcenter\u00a0\u00bb title_text_color=\u00a0\u00bbgcid-d340c507-6d54-4d0b-a992-dc161371447a\u00a0\u00bb title_font_size_phone=\u00a0\u00bb16px\u00a0\u00bb global_colors_info=\u00a0\u00bb{%22gcid-d340c507-6d54-4d0b-a992-dc161371447a%22:%91%22title_text_color%22%93}\u00a0\u00bb][\/et_pb_heading][\/et_pb_column][et_pb_column type=\u00a0\u00bb1_3&Prime; _builder_version=\u00a0\u00bb4.24.0&Prime; _module_preset=\u00a0\u00bbba2a23af-64ca-4d19-a5aa-884c6f0bb941&Prime; background_color_gradient_stops=\u00a0\u00bbgcid-b92786ff-ec87-4324-a2ab-968e5bd0cb80 0%|rgba(0,0,0,0.14) 100%\u00a0\u00bb background_image=\u00a0\u00bbhttp:\/\/maisondebeautecapeyron.fr\/wp-content\/uploads\/2024\/10\/CY1A0848-scaled.jpg\u00a0\u00bb custom_padding=\u00a0\u00bb14vw|60px|14vw|60px|true|true\u00a0\u00bb global_colors_info=\u00a0\u00bb{%22gcid-b92786ff-ec87-4324-a2ab-968e5bd0cb80%22:%91%22background_color_gradient_stops%22%93}\u00a0\u00bb custom_padding__hover=\u00a0\u00bb13vw||15vw||false|true\u00a0\u00bb][et_pb_heading title=\u00a0\u00bbEpilations d\u00e9finitive Indolore\u00a0\u00bb _builder_version=\u00a0\u00bb4.24.0&Prime; _module_preset=\u00a0\u00bb36e5d851-273f-41e0-930f-e5bb1b4e2ef9&Prime; title_font=\u00a0\u00bbOranienbaum|700|||||||\u00a0\u00bb title_text_align=\u00a0\u00bbcenter\u00a0\u00bb title_text_color=\u00a0\u00bbgcid-d340c507-6d54-4d0b-a992-dc161371447a\u00a0\u00bb title_font_size_phone=\u00a0\u00bb16px\u00a0\u00bb global_colors_info=\u00a0\u00bb{%22gcid-d340c507-6d54-4d0b-a992-dc161371447a%22:%91%22title_text_color%22%93}\u00a0\u00bb][\/et_pb_heading][\/et_pb_column][\/et_pb_row][\/et_pb_section][et_pb_section fb_built=\u00a0\u00bb1&Prime; admin_label=\u00a0\u00bbAbout\u00a0\u00bb _builder_version=\u00a0\u00bb4.24.0&Prime; _module_preset=\u00a0\u00bbdefault\u00a0\u00bb background_color=\u00a0\u00bbgcid-ff4238ef-1712-4e1c-9161-9652514bffb3&Prime; global_colors_info=\u00a0\u00bb{%22gcid-ff4238ef-1712-4e1c-9161-9652514bffb3%22:%91%22background_color%22%93}\u00a0\u00bb][et_pb_row column_structure=\u00a0\u00bb1_2,1_2&Prime; _builder_version=\u00a0\u00bb4.25.2&Prime; _module_preset=\u00a0\u00bbece44a6e-6c97-4a7b-9e58-2787b75f6b5b\u00a0\u00bb global_colors_info=\u00a0\u00bb{}\u00a0\u00bb][et_pb_column type=\u00a0\u00bb1_2&Prime; _builder_version=\u00a0\u00bb4.25.2&Prime; _module_preset=\u00a0\u00bbdefault\u00a0\u00bb global_colors_info=\u00a0\u00bb{}\u00a0\u00bb][et_pb_heading title=\u00a0\u00bb\u00c9pilations \u00e0 M\u00e9rignac : Cire, Fil et M\u00e9thodes D\u00e9finitives pour une Peau Parfaite\u00a0\u00bb _builder_version=\u00a0\u00bb4.24.0&Prime; _module_preset=\u00a0\u00bbdf6023a6-b860-48e8-859f-77e399c883f1&Prime; title_font=\u00a0\u00bbOranienbaum||||||||\u00a0\u00bb title_text_color=\u00a0\u00bbgcid-b92786ff-ec87-4324-a2ab-968e5bd0cb80&Prime; title_font_size=\u00a0\u00bb54px\u00a0\u00bb custom_margin=\u00a0\u00bb|||34px|false|false\u00a0\u00bb custom_margin_tablet=\u00a0\u00bb|||34px|false|false\u00a0\u00bb custom_margin_phone=\u00a0\u00bb|||30px|false|false\u00a0\u00bb custom_margin_last_edited=\u00a0\u00bbon|phone\u00a0\u00bb global_colors_info=\u00a0\u00bb{%22gcid-b92786ff-ec87-4324-a2ab-968e5bd0cb80%22:%91%22title_text_color%22%93}\u00a0\u00bb][\/et_pb_heading][et_pb_text _builder_version=\u00a0\u00bb4.24.0&Prime; _module_preset=\u00a0\u00bbdefault\u00a0\u00bb text_font=\u00a0\u00bbPoppins||||||||\u00a0\u00bb text_text_color=\u00a0\u00bbgcid-b92786ff-ec87-4324-a2ab-968e5bd0cb80&Prime; text_font_size=\u00a0\u00bb15px\u00a0\u00bb custom_margin=\u00a0\u00bb|||34px|false|false\u00a0\u00bb custom_margin_tablet=\u00a0\u00bb|||34px|false|false\u00a0\u00bb custom_margin_phone=\u00a0\u00bb|30px||30px|false|false\u00a0\u00bb custom_margin_last_edited=\u00a0\u00bbon|phone\u00a0\u00bb global_colors_info=\u00a0\u00bb{%22gcid-b92786ff-ec87-4324-a2ab-968e5bd0cb80%22:%91%22text_text_color%22%93}\u00a0\u00bb]<\/p>\n<p>\u00c0 la <strong>Maison de Beaut\u00e9 Capeyron<\/strong> situ\u00e9e au c\u0153ur de <strong>M\u00e9rignac<\/strong>, nous vous offrons des services d\u2019\u00e9pilation sur mesure pour r\u00e9pondre \u00e0 toutes vos attentes. Que vous pr\u00e9f\u00e9riez l\u2019\u00e9pilation traditionnelle \u00e0 la cire, la technique ancestrale et naturelle du fil, ou encore l&rsquo;\u00e9pilation d\u00e9finitive, notre \u00e9quipe experte vous garantit des r\u00e9sultats pr\u00e9cis et durables.<\/p>\n<p>L\u2019\u00e9pilation au fil, m\u00e9thode traditionnelle venue d\u2019Orient, est id\u00e9ale pour les zones sensibles du visage. Naturelle et <strong>indolore<\/strong>, elle permet une pr\u00e9cision incomparable, notamment pour les sourcils. Nos \u00e9pilations \u00e0 la cire, quant \u00e0 elles, sont rapides et efficaces, parfaites pour le corps entier, offrant une peau lisse et sans irritations. Si vous souhaitez une solution \u00e0 long terme, notre service d\u2019\u00e9pilation d\u00e9finitive vous permet de r\u00e9duire durablement la repousse des poils.<\/p>\n<p>Situ\u00e9 \u00e0 <strong>M\u00e9rignac<\/strong>, notre institut vous accueille dans une ambiance apaisante pour faire de chaque s\u00e9ance d\u2019\u00e9pilation un moment de bien-\u00eatre. Faites confiance \u00e0 notre expertise pour prendre soin de votre peau avec des techniques adapt\u00e9es, qu\u2019elles soient traditionnelles ou modernes.<\/p>\n<p>[\/et_pb_text][\/et_pb_column][et_pb_column type=\u00a0\u00bb1_2&Prime; _builder_version=\u00a0\u00bb4.25.2&Prime; _module_preset=\u00a0\u00bbdefault\u00a0\u00bb global_colors_info=\u00a0\u00bb{}\u00a0\u00bb][et_pb_image src=\u00a0\u00bbhttp:\/\/maisondebeautecapeyron.fr\/wp-content\/uploads\/2024\/10\/CY1A0524-scaled.jpg\u00a0\u00bb title_text=\u00a0\u00bbCY1A0524&Prime; _builder_version=\u00a0\u00bb4.24.0&Prime; _module_preset=\u00a0\u00bbdefault\u00a0\u00bb width=\u00a0\u00bb82%\u00a0\u00bb width_tablet=\u00a0\u00bb82%\u00a0\u00bb width_phone=\u00a0\u00bb82%\u00a0\u00bb width_last_edited=\u00a0\u00bbon|phone\u00a0\u00bb custom_margin=\u00a0\u00bb|||100px|false|false\u00a0\u00bb custom_margin_tablet=\u00a0\u00bb|||100px|false|false\u00a0\u00bb custom_margin_phone=\u00a0\u00bb|||0px|false|false\u00a0\u00bb custom_margin_last_edited=\u00a0\u00bbon|phone\u00a0\u00bb global_colors_info=\u00a0\u00bb{}\u00a0\u00bb][\/et_pb_image][\/et_pb_column][\/et_pb_row][\/et_pb_section]<\/p>\n","protected":false},"excerpt":{"rendered":"<p>D\u00e9couvrez nos services d\u2019\u00e9pilation pour une peau douce et soyeuse. Que vous optiez pour l\u2019\u00e9pilation \u00e0 la cire, au fil, ou l\u2019\u00e9pilation d\u00e9finitive, nous vous proposons des solutions adapt\u00e9es \u00e0 tous les besoins. L\u2019\u00e9pilation au fil, m\u00e9thode traditionnelle et naturelle, garantit une pr\u00e9cision in\u00e9gal\u00e9e, tout en \u00e9tant douce et indolore, id\u00e9ale pour les zones sensibles [&hellip;]<\/p>\n","protected":false},"author":1,"featured_media":0,"parent":0,"menu_order":0,"comment_status":"closed","ping_status":"closed","template":"","meta":{"_et_pb_use_builder":"on","_et_pb_old_content":"<!-- wp:divi\/placeholder \/-->","_et_gb_content_width":"","footnotes":""},"class_list":["post-528","page","type-page","status-publish","hentry"],"_links":{"self":[{"href":"https:\/\/maisondebeautecapeyron.fr\/index.php\/wp-json\/wp\/v2\/pages\/528","targetHints":{"allow":["GET"]}}],"collection":[{"href":"https:\/\/maisondebeautecapeyron.fr\/index.php\/wp-json\/wp\/v2\/pages"}],"about":[{"href":"https:\/\/maisondebeautecapeyron.fr\/index.php\/wp-json\/wp\/v2\/types\/page"}],"author":[{"embeddable":true,"href":"https:\/\/maisondebeautecapeyron.fr\/index.php\/wp-json\/wp\/v2\/users\/1"}],"replies":[{"embeddable":true,"href":"https:\/\/maisondebeautecapeyron.fr\/index.php\/wp-json\/wp\/v2\/comments?post=528"}],"version-history":[{"count":11,"href":"https:\/\/maisondebeautecapeyron.fr\/index.php\/wp-json\/wp\/v2\/pages\/528\/revisions"}],"predecessor-version":[{"id":1226,"href":"https:\/\/maisondebeautecapeyron.fr\/index.php\/wp-json\/wp\/v2\/pages\/528\/revisions\/1226"}],"wp:attachment":[{"href":"https:\/\/maisondebeautecapeyron.fr\/index.php\/wp-json\/wp\/v2\/media?parent=528"}],"curies":[{"name":"wp","href":"https:\/\/api.w.org\/{rel}","templated":true}]}}