{"id":263,"date":"2024-10-16T21:45:39","date_gmt":"2024-10-16T19:45:39","guid":{"rendered":"https:\/\/maisondebeautecapeyron.fr\/?page_id=263"},"modified":"2026-04-21T11:43:28","modified_gmt":"2026-04-21T09:43:28","slug":"nos-collaboratrices","status":"publish","type":"page","link":"https:\/\/maisondebeautecapeyron.fr\/index.php\/nos-collaboratrices\/","title":{"rendered":"Qui sommes nous ?"},"content":{"rendered":"<p>[et_pb_section fb_built=\u00a0\u00bb1&Prime; admin_label=\u00a0\u00bbHeader\u00a0\u00bb _builder_version=\u00a0\u00bb4.24.0&Prime; _module_preset=\u00a0\u00bbdefault\u00a0\u00bb background_enable_color=\u00a0\u00bboff\u00a0\u00bb use_background_color_gradient=\u00a0\u00bbon\u00a0\u00bb background_color_gradient_stops=\u00a0\u00bbgcid-f573140c-1aee-45c3-8139-70f397620b67 0%|rgba(0,0,0,0) 99%\u00a0\u00bb background_color_gradient_overlays_image=\u00a0\u00bbon\u00a0\u00bb background_image=\u00a0\u00bbhttp:\/\/maisondebeautecapeyron.fr\/wp-content\/uploads\/2024\/10\/CY1A0935-1-scaled.jpg\u00a0\u00bb parallax=\u00a0\u00bbon\u00a0\u00bb custom_padding=\u00a0\u00bb8%||8%||true|false\u00a0\u00bb locked=\u00a0\u00bboff\u00a0\u00bb collapsed=\u00a0\u00bbon\u00a0\u00bb global_colors_info=\u00a0\u00bb{%22gcid-d340c507-6d54-4d0b-a992-dc161371447a%22:%91%22background_color%22,%22background_color_gradient_stops%22%93,%22gcid-593669bf-7b77-45f1-89ce-cfe13309ccf8%22:%91%22background_color_gradient_stops%22%93,%22gcid-97182601-61ab-4626-954a-29b0757ae92a%22:%91%22background_color_gradient_stops%22%93,%22gcid-6b400d13-008b-43c3-a1b5-80c82d508152%22:%91%22background_color_gradient_stops%22%93,%22gcid-ff4238ef-1712-4e1c-9161-9652514bffb3%22:%91%22background_color_gradient_stops%22%93,%22gcid-3b9a2baf-7195-4fd7-8a6d-3cceb6a0476c%22:%91%22background_color_gradient_stops%22%93,%22gcid-4db3473b-2d74-4724-964e-0c21824f3556%22:%91%22background_color_gradient_stops%22%93,%22gcid-f573140c-1aee-45c3-8139-70f397620b67%22:%91%22background_color_gradient_stops%22%93}\u00a0\u00bb][et_pb_row _builder_version=\u00a0\u00bb4.24.2&Prime; _module_preset=\u00a0\u00bbdefault\u00a0\u00bb width=\u00a0\u00bb90%\u00a0\u00bb max_width=\u00a0\u00bb900px\u00a0\u00bb global_colors_info=\u00a0\u00bb{}\u00a0\u00bb][et_pb_column type=\u00a0\u00bb4_4&Prime; _builder_version=\u00a0\u00bb4.24.1&Prime; _module_preset=\u00a0\u00bbdefault\u00a0\u00bb global_colors_info=\u00a0\u00bb{}\u00a0\u00bb][et_pb_text _builder_version=\u00a0\u00bb4.24.0&Prime; _module_preset=\u00a0\u00bbed32f691-9798-450f-b343-8b75ee72a82f\u00a0\u00bb header_font=\u00a0\u00bbBodoni Moda|||on|||||\u00a0\u00bb header_text_color=\u00a0\u00bbgcid-6b400d13-008b-43c3-a1b5-80c82d508152&Prime; header_font_size=\u00a0\u00bb72px\u00a0\u00bb text_orientation=\u00a0\u00bbcenter\u00a0\u00bb custom_margin=\u00a0\u00bb||10px||false|false\u00a0\u00bb global_colors_info=\u00a0\u00bb{%22gcid-6b400d13-008b-43c3-a1b5-80c82d508152%22:%91%22header_text_color%22%93}\u00a0\u00bb]<\/p>\n<h1>Qui sommes nous ?<\/h1>\n<p>[\/et_pb_text][et_pb_text quote_border_color=\u00a0\u00bb#FFFFFF\u00a0\u00bb _builder_version=\u00a0\u00bb4.24.0&Prime; _module_preset=\u00a0\u00bbadb79bc4-db20-4d36-8278-132733cfbdf6&Prime; text_font=\u00a0\u00bbPoppins|||on|||||\u00a0\u00bb text_text_color=\u00a0\u00bbgcid-d340c507-6d54-4d0b-a992-dc161371447a\u00a0\u00bb text_font_size=\u00a0\u00bb16px\u00a0\u00bb link_text_color=\u00a0\u00bb#FFFFFF\u00a0\u00bb quote_text_color=\u00a0\u00bb#FFFFFF\u00a0\u00bb text_orientation=\u00a0\u00bbcenter\u00a0\u00bb module_alignment=\u00a0\u00bbcenter\u00a0\u00bb global_colors_info=\u00a0\u00bb{%22gcid-d340c507-6d54-4d0b-a992-dc161371447a%22:%91%22text_text_color%22%93}\u00a0\u00bb]<\/p>\n<p><span>D\u00e9couvrez les expertes qui, chaque jour, mettent leur savoir-faire et leur d\u00e9vouement au service de votre beaut\u00e9 et de votre bien-\u00eatre \u00e0 la Maison de Beaut\u00e9 Capeyron.<\/span><\/p>\n<p>[\/et_pb_text][et_pb_image src=\u00a0\u00bbhttp:\/\/maisondebeautecapeyron.fr\/wp-content\/uploads\/2023\/09\/Maison-de-beaute-de-capeyron-4.jpg\u00a0\u00bb title_text=\u00a0\u00bbMaison de beaut\u00e9 de capeyron (4)\u00a0\u00bb _builder_version=\u00a0\u00bb4.24.0&Prime; _module_preset=\u00a0\u00bbdefault\u00a0\u00bb global_colors_info=\u00a0\u00bb{}\u00a0\u00bb][\/et_pb_image][\/et_pb_column][\/et_pb_row][\/et_pb_section][et_pb_section fb_built=\u00a0\u00bb1&Prime; admin_label=\u00a0\u00bbOur Story\u00a0\u00bb _builder_version=\u00a0\u00bb4.24.0&Prime; _module_preset=\u00a0\u00bbdefault\u00a0\u00bb background_color=\u00a0\u00bbgcid-d340c507-6d54-4d0b-a992-dc161371447a\u00a0\u00bb locked=\u00a0\u00bboff\u00a0\u00bb collapsed=\u00a0\u00bbon\u00a0\u00bb global_colors_info=\u00a0\u00bb{%22gcid-d340c507-6d54-4d0b-a992-dc161371447a%22:%91%22background_color%22%93}\u00a0\u00bb][et_pb_row _builder_version=\u00a0\u00bb4.24.2&Prime; _module_preset=\u00a0\u00bbdefault\u00a0\u00bb global_colors_info=\u00a0\u00bb{}\u00a0\u00bb][et_pb_column type=\u00a0\u00bb4_4&Prime; _builder_version=\u00a0\u00bb4.24.1&Prime; _module_preset=\u00a0\u00bbdefault\u00a0\u00bb global_colors_info=\u00a0\u00bb{}\u00a0\u00bb][et_pb_text _builder_version=\u00a0\u00bb4.24.0&Prime; _module_preset=\u00a0\u00bbef1e3f55-2bf8-444b-8b36-d386784045ed\u00a0\u00bb text_font=\u00a0\u00bbPoppins|500|||||||\u00a0\u00bb text_text_color=\u00a0\u00bbgcid-b92786ff-ec87-4324-a2ab-968e5bd0cb80&Prime; text_font_size=\u00a0\u00bb15px\u00a0\u00bb global_colors_info=\u00a0\u00bb{%22gcid-b92786ff-ec87-4324-a2ab-968e5bd0cb80%22:%91%22text_text_color%22%93}\u00a0\u00bb]<\/p>\n<p>Anciennement Aquarelle Institut, la Maison de Beaut\u00e9 Capeyron vous invite \u00e0 d\u00e9couvrir un espace enti\u00e8rement repens\u00e9 de plus de 180 m\u00b2, d\u00e9di\u00e9 \u00e0 la beaut\u00e9 et au bien-\u00eatre. Dans un cadre chic et apaisant, notre \u00e9quipe d&rsquo;expertes : esth\u00e9ticiennes, coiffeuses, proth\u00e9siste ongulaire, technicienne en extension de cils et th\u00e9rapeute en shiatsu, vous propose des prestations haut de gamme adapt\u00e9es \u00e0 vos besoins.<\/p>\n<p>Nous allions technologie avanc\u00e9e et cosm\u00e9tiques performants pour des soins de pointe, tout en veillant \u00e0 offrir un espace bien-\u00eatre avec hammam privatif et cabines de massage. Nos soins, \u00e9galement adapt\u00e9s aux enfants, utilisent des produits bio sans perturbateurs endocriniens.<\/p>\n<p>\u00c0 la Maison de Beaut\u00e9 Capeyron, chaque instant est une invitation \u00e0 la d\u00e9tente et \u00e0 l\u2019\u00e9panouissement.<\/p>\n<p>[\/et_pb_text][\/et_pb_column][\/et_pb_row][\/et_pb_section][et_pb_section fb_built=\u00a0\u00bb1&Prime; _builder_version=\u00a0\u00bb4.24.0&Prime; _module_preset=\u00a0\u00bbdefault\u00a0\u00bb background_color=\u00a0\u00bbgcid-3b9a2baf-7195-4fd7-8a6d-3cceb6a0476c\u00a0\u00bb custom_padding=\u00a0\u00bb4vw||||false|false\u00a0\u00bb global_colors_info=\u00a0\u00bb{%22gcid-3b9a2baf-7195-4fd7-8a6d-3cceb6a0476c%22:%91%22background_color%22%93}\u00a0\u00bb][et_pb_row column_structure=\u00a0\u00bb1_2,1_2&Prime; _builder_version=\u00a0\u00bb4.24.2&Prime; _module_preset=\u00a0\u00bbdefault\u00a0\u00bb width=\u00a0\u00bb90%\u00a0\u00bb max_width=\u00a0\u00bb2000px\u00a0\u00bb global_colors_info=\u00a0\u00bb{}\u00a0\u00bb][et_pb_column type=\u00a0\u00bb1_2&Prime; _builder_version=\u00a0\u00bb4.24.2&Prime; _module_preset=\u00a0\u00bbdefault\u00a0\u00bb global_colors_info=\u00a0\u00bb{}\u00a0\u00bb][et_pb_image src=\u00a0\u00bbhttp:\/\/maisondebeautecapeyron.fr\/wp-content\/uploads\/2026\/04\/MAISONDEBEAUTEDECAPEYRON-OCEANE.png\u00a0\u00bb title_text=\u00a0\u00bbMAISONDEBEAUTEDECAPEYRON &#8211; OCEANE\u00a0\u00bb _builder_version=\u00a0\u00bb4.24.0&Prime; _module_preset=\u00a0\u00bbdefault\u00a0\u00bb width=\u00a0\u00bb100%\u00a0\u00bb width_tablet=\u00a0\u00bb70%\u00a0\u00bb width_phone=\u00a0\u00bb70%\u00a0\u00bb width_last_edited=\u00a0\u00bbon|desktop\u00a0\u00bb max_width=\u00a0\u00bb83%\u00a0\u00bb max_width_tablet=\u00a0\u00bb81%\u00a0\u00bb max_width_phone=\u00a0\u00bb100%\u00a0\u00bb max_width_last_edited=\u00a0\u00bboff|desktop\u00a0\u00bb custom_margin=\u00a0\u00bb|||40px|false|false\u00a0\u00bb custom_margin_tablet=\u00a0\u00bb|||100px|false|false\u00a0\u00bb custom_margin_phone=\u00a0\u00bb|||32px|false|false\u00a0\u00bb custom_margin_last_edited=\u00a0\u00bbon|desktop\u00a0\u00bb locked=\u00a0\u00bboff\u00a0\u00bb global_colors_info=\u00a0\u00bb{}\u00a0\u00bb][\/et_pb_image][\/et_pb_column][et_pb_column type=\u00a0\u00bb1_2&Prime; _builder_version=\u00a0\u00bb4.24.2&Prime; _module_preset=\u00a0\u00bbdefault\u00a0\u00bb global_colors_info=\u00a0\u00bb{}\u00a0\u00bb][et_pb_text _builder_version=\u00a0\u00bb4.24.0&Prime; _module_preset=\u00a0\u00bbdefault\u00a0\u00bb header_text_color=\u00a0\u00bbgcid-9dfd0cfb-55f4-48fb-b1a6-5eee068c869a\u00a0\u00bb header_2_font=\u00a0\u00bbOranienbaum|700|||||||\u00a0\u00bb header_2_text_color=\u00a0\u00bbgcid-ff4238ef-1712-4e1c-9161-9652514bffb3&Prime; header_2_font_size=\u00a0\u00bb28px\u00a0\u00bb global_colors_info=\u00a0\u00bb{%22gcid-9dfd0cfb-55f4-48fb-b1a6-5eee068c869a%22:%91%22header_text_color%22%93,%22gcid-ff4238ef-1712-4e1c-9161-9652514bffb3%22:%91%22header_2_text_color%22%93}\u00a0\u00bb]<\/p>\n<h2>Oc\u00e9ane, fondatrice de la Maison de beaut\u00e9 Capeyron \u00e0 M\u00e9rignac<\/h2>\n<p>[\/et_pb_text][et_pb_text _builder_version=\u00a0\u00bb4.24.0&Prime; _module_preset=\u00a0\u00bbef1e3f55-2bf8-444b-8b36-d386784045ed\u00a0\u00bb text_font=\u00a0\u00bbPoppins||||||||\u00a0\u00bb text_text_color=\u00a0\u00bbgcid-ff4238ef-1712-4e1c-9161-9652514bffb3&Prime; text_font_size=\u00a0\u00bb15px\u00a0\u00bb max_width=\u00a0\u00bb440px\u00a0\u00bb locked=\u00a0\u00bboff\u00a0\u00bb global_colors_info=\u00a0\u00bb{%22gcid-ff4238ef-1712-4e1c-9161-9652514bffb3%22:%91%22text_text_color%22%93}\u00a0\u00bb]<\/p>\n<p>Riche de plus de 15 ans d&rsquo;exp\u00e9rience dans l&rsquo;esth\u00e9tique et le bien-\u00eatre, Oc\u00e9ane a d\u00e9velopp\u00e9 son expertise dans divers instituts, allant des grandes cha\u00eenes aux \u00e9tablissements de luxe du XVIe arrondissement de Paris. Ce parcours diversifi\u00e9 lui a permis de ma\u00eetriser l&rsquo;art de la beaut\u00e9 et de concr\u00e9tiser son ambition de cr\u00e9er sa propre Maison de Beaut\u00e9.<\/p>\n<p>En tant que g\u00e9rante d\u00e9vou\u00e9e et dynamique, Oc\u00e9ane se distingue par sa capacit\u00e9 d&rsquo;\u00e9coute et son sens de la communication. Son approche, ax\u00e9e sur la satisfaction des clients, est au c\u0153ur de son engagement. La formation continue, pour elle et son \u00e9quipe, est essentielle pour garantir un niveau d&rsquo;excellence dans chaque prestation esth\u00e9tique.<\/p>\n<p>Toujours \u00e0 l&rsquo;aff\u00fbt des derni\u00e8res innovations dans le domaine de la beaut\u00e9, Oc\u00e9ane s&rsquo;assure que chaque client b\u00e9n\u00e9ficie d&rsquo;une exp\u00e9rience unique, alliant expertise, bien-\u00eatre et r\u00e9sultats optimaux. Sa passion pour l&rsquo;univers de la beaut\u00e9 se refl\u00e8te dans son engagement \u00e0 sublimer chaque personne tout en pr\u00e9servant l&rsquo;\u00e9quilibre int\u00e9rieur.<\/p>\n<p>[\/et_pb_text][\/et_pb_column][\/et_pb_row][\/et_pb_section][et_pb_section fb_built=\u00a0\u00bb1&Prime; _builder_version=\u00a0\u00bb4.24.0&Prime; _module_preset=\u00a0\u00bbdefault\u00a0\u00bb background_color=\u00a0\u00bbgcid-ff4238ef-1712-4e1c-9161-9652514bffb3&Prime; global_colors_info=\u00a0\u00bb{%22gcid-ff4238ef-1712-4e1c-9161-9652514bffb3%22:%91%22background_color%22%93}\u00a0\u00bb][et_pb_row _builder_version=\u00a0\u00bb4.24.0&Prime; _module_preset=\u00a0\u00bbdefault\u00a0\u00bb global_colors_info=\u00a0\u00bb{}\u00a0\u00bb][et_pb_column type=\u00a0\u00bb4_4&Prime; _builder_version=\u00a0\u00bb4.24.0&Prime; _module_preset=\u00a0\u00bbdefault\u00a0\u00bb global_colors_info=\u00a0\u00bb{}\u00a0\u00bb][et_pb_text _builder_version=\u00a0\u00bb4.24.0&Prime; _module_preset=\u00a0\u00bbdefault\u00a0\u00bb header_2_font=\u00a0\u00bbBodoni Moda||||||||\u00a0\u00bb header_2_text_align=\u00a0\u00bbcenter\u00a0\u00bb header_2_text_color=\u00a0\u00bbgcid-6b400d13-008b-43c3-a1b5-80c82d508152&Prime; header_2_font_size=\u00a0\u00bb28px\u00a0\u00bb custom_margin=\u00a0\u00bb||-61px||false|false\u00a0\u00bb global_colors_info=\u00a0\u00bb{%22gcid-6b400d13-008b-43c3-a1b5-80c82d508152%22:%91%22header_2_text_color%22%93}\u00a0\u00bb]<\/p>\n<h2>NOTRE \u00c9QUIPE<\/h2>\n<p>[\/et_pb_text][\/et_pb_column][\/et_pb_row][\/et_pb_section][et_pb_section fb_built=\u00a0\u00bb1&Prime; _builder_version=\u00a0\u00bb4.24.0&Prime; _module_preset=\u00a0\u00bbdefault\u00a0\u00bb background_color=\u00a0\u00bbgcid-ff4238ef-1712-4e1c-9161-9652514bffb3&Prime; global_colors_info=\u00a0\u00bb{%22gcid-ff4238ef-1712-4e1c-9161-9652514bffb3%22:%91%22background_color%22%93}\u00a0\u00bb][et_pb_row column_structure=\u00a0\u00bb1_3,1_3,1_3&Prime; _builder_version=\u00a0\u00bb4.24.0&Prime; _module_preset=\u00a0\u00bbdefault\u00a0\u00bb custom_margin=\u00a0\u00bb-81px||||false|false\u00a0\u00bb global_colors_info=\u00a0\u00bb{}\u00a0\u00bb][et_pb_column type=\u00a0\u00bb1_3&Prime; _builder_version=\u00a0\u00bb4.24.0&Prime; _module_preset=\u00a0\u00bbdefault\u00a0\u00bb global_colors_info=\u00a0\u00bb{}\u00a0\u00bb][et_pb_image src=\u00a0\u00bbhttp:\/\/maisondebeautecapeyron.fr\/wp-content\/uploads\/2026\/04\/LA-MAISON-DE-BEAUTE-DE-CAPEYRON-2.png\u00a0\u00bb title_text=\u00a0\u00bbLA MAISON DE BEAUTE DE CAPEYRON (2)\u00a0\u00bb _builder_version=\u00a0\u00bb4.24.0&Prime; _module_preset=\u00a0\u00bbdefault\u00a0\u00bb global_colors_info=\u00a0\u00bb{}\u00a0\u00bb][\/et_pb_image][et_pb_text _builder_version=\u00a0\u00bb4.24.0&Prime; _module_preset=\u00a0\u00bbdefault\u00a0\u00bb header_4_font=\u00a0\u00bbOranienbaum||||||||\u00a0\u00bb header_4_text_color=\u00a0\u00bbgcid-6b400d13-008b-43c3-a1b5-80c82d508152&Prime; header_4_font_size=\u00a0\u00bb22px\u00a0\u00bb global_colors_info=\u00a0\u00bb{%22gcid-6b400d13-008b-43c3-a1b5-80c82d508152%22:%91%22header_4_text_color%22%93}\u00a0\u00bb]<\/p>\n<h4 class=\"elementor-testimonial-name\" style=\"text-align: center;\">Sandrine<\/h4>\n<h4 class=\"elementor-testimonial-job\" style=\"text-align: center;\">Esth\u00e9ticenne &#8211; Facialiste<\/h4>\n<p>[\/et_pb_text][et_pb_text _builder_version=\u00a0\u00bb4.24.0&Prime; _module_preset=\u00a0\u00bbdefault\u00a0\u00bb text_font=\u00a0\u00bbPoppins|300|||||||\u00a0\u00bb text_text_color=\u00a0\u00bbgcid-b92786ff-ec87-4324-a2ab-968e5bd0cb80&Prime; global_colors_info=\u00a0\u00bb{%22gcid-b92786ff-ec87-4324-a2ab-968e5bd0cb80%22:%91%22text_text_color%22%93}\u00a0\u00bb]<\/p>\n<p data-start=\"139\" data-end=\"430\" style=\"text-align: center;\">Professionnelle passionn\u00e9e avec plus de 25 ans d\u2019exp\u00e9rience dans l\u2019esth\u00e9tique et le soin de la peau, Sandrine a d\u00e9but\u00e9 sa carri\u00e8re dans une grande parfumerie de luxe avant de cr\u00e9er et diriger pendant 14 ans son propre institut de beaut\u00e9 bio dans le nord de la France. Experte de la peau, elle s\u2019est form\u00e9e \u00e0 de nombreuses techniques avanc\u00e9es, dont la k\u00e9ratoth\u00e9rapie, et est facialiste certifi\u00e9e niveau \u00c9toile, le plus haut niveau de la discipline, form\u00e9e \u00e0 l\u2019Acad\u00e9mie des Facialistes \u00e0 Paris. Tr\u00e8s attentive aux besoins de chaque peau, elle personnalise chaque soin et accompagne ses clients avec des conseils et des produits parfaitement adapt\u00e9s.<\/p>\n<p>[\/et_pb_text][\/et_pb_column][et_pb_column type=\u00a0\u00bb1_3&Prime; _builder_version=\u00a0\u00bb4.24.0&Prime; _module_preset=\u00a0\u00bbdefault\u00a0\u00bb global_colors_info=\u00a0\u00bb{}\u00a0\u00bb][et_pb_image title_text=\u00a0\u00bbLA MAISON DE BEAUTE DE CAPEYRON VF\u00a0\u00bb _builder_version=\u00a0\u00bb4.24.0&Prime; _module_preset=\u00a0\u00bbdefault\u00a0\u00bb hover_enabled=\u00a0\u00bb0&Prime; global_colors_info=\u00a0\u00bb{}\u00a0\u00bb src=\u00a0\u00bbhttp:\/\/maisondebeautecapeyron.fr\/wp-content\/uploads\/2026\/04\/LA-MAISON-DE-BEAUTE-DE-CAPEYRON-VF.png\u00a0\u00bb sticky_enabled=\u00a0\u00bb0&Prime;][\/et_pb_image][et_pb_text _builder_version=\u00a0\u00bb4.24.0&Prime; _module_preset=\u00a0\u00bbdefault\u00a0\u00bb header_4_font=\u00a0\u00bbOranienbaum||||||||\u00a0\u00bb header_4_text_color=\u00a0\u00bbgcid-6b400d13-008b-43c3-a1b5-80c82d508152&Prime; header_4_font_size=\u00a0\u00bb22px\u00a0\u00bb custom_padding=\u00a0\u00bb||1px|||\u00a0\u00bb global_colors_info=\u00a0\u00bb{%22gcid-6b400d13-008b-43c3-a1b5-80c82d508152%22:%91%22header_4_text_color%22%93}\u00a0\u00bb]<\/p>\n<h4 class=\"elementor-testimonial-name\" style=\"text-align: center;\"><span style=\"font-size: 22px;\">Tiphanie<\/span><\/h4>\n<h4 class=\"elementor-testimonial-job\" style=\"text-align: center;\">Esth\u00e9ticienne &#8211; Energeticienne<\/h4>\n<p>[\/et_pb_text][et_pb_text _builder_version=\u00a0\u00bb4.24.0&Prime; _module_preset=\u00a0\u00bbdefault\u00a0\u00bb text_font=\u00a0\u00bbPoppins|300|||||||\u00a0\u00bb text_text_color=\u00a0\u00bbgcid-b92786ff-ec87-4324-a2ab-968e5bd0cb80&Prime; global_colors_info=\u00a0\u00bb{%22gcid-b92786ff-ec87-4324-a2ab-968e5bd0cb80%22:%91%22text_text_color%22%93}\u00a0\u00bb]<\/p>\n<p style=\"text-align: center;\">Professionnelle attentive et engag\u00e9e dans le bien-\u00eatre global, Tiphanie se distingue par sa grande sensibilit\u00e9 et sa capacit\u00e9 \u00e0 mettre rapidement ses clients en confiance. Gr\u00e2ce \u00e0 son magn\u00e9tisme naturel, elle accompagne chacun vers un meilleur \u00e9quilibre \u00e9nerg\u00e9tique \u00e0 travers des massages \u00e9nerg\u00e9tiques et des soins de lib\u00e9ration \u00e9nerg\u00e9tique. Son parcours en m\u00e9decine et en pharmacie lui apporte \u00e9galement une solide expertise sur les compositions cosm\u00e9tiques. Passionn\u00e9e par les produits naturels et respectueux de l\u2019environnement, elle guide chaque client vers les soins et produits les plus adapt\u00e9s pour prolonger les bienfaits \u00e0 la maison.<\/p>\n<p>[\/et_pb_text][\/et_pb_column][et_pb_column type=\u00a0\u00bb1_3&Prime; _builder_version=\u00a0\u00bb4.24.0&Prime; _module_preset=\u00a0\u00bbdefault\u00a0\u00bb global_colors_info=\u00a0\u00bb{}\u00a0\u00bb][et_pb_image src=\u00a0\u00bbhttp:\/\/maisondebeautecapeyron.fr\/wp-content\/uploads\/2026\/04\/LA-MAISON-DE-BEAUTE-DE-CAPEYRON-3.png\u00a0\u00bb title_text=\u00a0\u00bbLA MAISON DE BEAUTE DE CAPEYRON (3)\u00a0\u00bb _builder_version=\u00a0\u00bb4.24.0&Prime; _module_preset=\u00a0\u00bbdefault\u00a0\u00bb global_colors_info=\u00a0\u00bb{}\u00a0\u00bb][\/et_pb_image][et_pb_text _builder_version=\u00a0\u00bb4.24.0&Prime; _module_preset=\u00a0\u00bbdefault\u00a0\u00bb header_4_font=\u00a0\u00bbOranienbaum||||||||\u00a0\u00bb header_4_text_color=\u00a0\u00bbgcid-6b400d13-008b-43c3-a1b5-80c82d508152&Prime; header_4_font_size=\u00a0\u00bb22px\u00a0\u00bb custom_margin=\u00a0\u00bb|-15px||||\u00a0\u00bb global_colors_info=\u00a0\u00bb{%22gcid-6b400d13-008b-43c3-a1b5-80c82d508152%22:%91%22header_4_text_color%22%93}\u00a0\u00bb]<\/p>\n<h4 class=\"elementor-testimonial-name\" style=\"text-align: center;\">Cl\u00e9a<\/h4>\n<h4 class=\"elementor-testimonial-job\" style=\"text-align: center;\">Apprentie en Brevet Professionnel Esth\u00e9tique<\/h4>\n<p>[\/et_pb_text][et_pb_text _builder_version=\u00a0\u00bb4.24.0&Prime; _module_preset=\u00a0\u00bbdefault\u00a0\u00bb text_font=\u00a0\u00bbPoppins|300|||||||\u00a0\u00bb text_text_color=\u00a0\u00bbgcid-b92786ff-ec87-4324-a2ab-968e5bd0cb80&Prime; global_colors_info=\u00a0\u00bb{%22gcid-b92786ff-ec87-4324-a2ab-968e5bd0cb80%22:%91%22text_text_color%22%93}\u00a0\u00bb]<\/p>\n<p style=\"text-align: center;\"><span>\u00c0 seulement 18 ans, Cl\u00e9a, douce, appliqu\u00e9e et consciencieuse, est d\u00e9j\u00e0 dipl\u00f4m\u00e9e d&rsquo;un CAP esth\u00e9tique obtenue avec mention. Passionn\u00e9e par le domaine de la beaut\u00e9, elle se distingue par son sens du relationnel et son attention aux d\u00e9tails. Chaque jour, Cl\u00e9a s&rsquo;efforce de vous satisfaire davantage, d\u00e9veloppant constamment ses comp\u00e9tences pour vous offrir le meilleur service.<\/span><\/p>\n<p>[\/et_pb_text][\/et_pb_column][\/et_pb_row][\/et_pb_section][et_pb_section fb_built=\u00a0\u00bb1&Prime; _builder_version=\u00a0\u00bb4.24.0&Prime; _module_preset=\u00a0\u00bbdefault\u00a0\u00bb background_color=\u00a0\u00bbgcid-3b9a2baf-7195-4fd7-8a6d-3cceb6a0476c\u00a0\u00bb global_colors_info=\u00a0\u00bb{%22gcid-3b9a2baf-7195-4fd7-8a6d-3cceb6a0476c%22:%91%22background_color%22%93}\u00a0\u00bb][et_pb_row _builder_version=\u00a0\u00bb4.24.0&Prime; _module_preset=\u00a0\u00bbdefault\u00a0\u00bb global_colors_info=\u00a0\u00bb{}\u00a0\u00bb][et_pb_column type=\u00a0\u00bb4_4&Prime; _builder_version=\u00a0\u00bb4.24.0&Prime; _module_preset=\u00a0\u00bbdefault\u00a0\u00bb global_colors_info=\u00a0\u00bb{}\u00a0\u00bb][et_pb_text _builder_version=\u00a0\u00bb4.24.0&Prime; _module_preset=\u00a0\u00bbdefault\u00a0\u00bb header_2_font=\u00a0\u00bbBodoni Moda||||||||\u00a0\u00bb header_2_text_align=\u00a0\u00bbcenter\u00a0\u00bb header_2_text_color=\u00a0\u00bbgcid-6b400d13-008b-43c3-a1b5-80c82d508152&Prime; header_2_font_size=\u00a0\u00bb28px\u00a0\u00bb custom_margin=\u00a0\u00bb||0px||false|false\u00a0\u00bb global_colors_info=\u00a0\u00bb{%22gcid-6b400d13-008b-43c3-a1b5-80c82d508152%22:%91%22header_2_text_color%22%93}\u00a0\u00bb]<\/p>\n<h2>NOTRE COLLABORATRICE<\/h2>\n<p>[\/et_pb_text][\/et_pb_column][\/et_pb_row][et_pb_row column_structure=\u00a0\u00bb1_2,1_2&Prime; _builder_version=\u00a0\u00bb4.24.0&Prime; _module_preset=\u00a0\u00bbdefault\u00a0\u00bb global_colors_info=\u00a0\u00bb{}\u00a0\u00bb][et_pb_column type=\u00a0\u00bb1_2&Prime; _builder_version=\u00a0\u00bb4.24.0&Prime; _module_preset=\u00a0\u00bbdefault\u00a0\u00bb global_colors_info=\u00a0\u00bb{}\u00a0\u00bb][et_pb_image src=\u00a0\u00bbhttp:\/\/maisondebeautecapeyron.fr\/wp-content\/uploads\/2026\/04\/LA-MAISON-DE-BEAUTE-DE-CAPEYRON-1-Copie.png\u00a0\u00bb title_text=\u00a0\u00bbLA MAISON DE BEAUTE DE CAPEYRON (1) &#8211; Copie\u00a0\u00bb _builder_version=\u00a0\u00bb4.24.0&Prime; _module_preset=\u00a0\u00bbdefault\u00a0\u00bb global_colors_info=\u00a0\u00bb{}\u00a0\u00bb][\/et_pb_image][\/et_pb_column][et_pb_column type=\u00a0\u00bb1_2&Prime; _builder_version=\u00a0\u00bb4.24.0&Prime; _module_preset=\u00a0\u00bbdefault\u00a0\u00bb global_colors_info=\u00a0\u00bb{}\u00a0\u00bb][et_pb_text _builder_version=\u00a0\u00bb4.24.0&Prime; _module_preset=\u00a0\u00bbdefault\u00a0\u00bb header_text_color=\u00a0\u00bbgcid-9dfd0cfb-55f4-48fb-b1a6-5eee068c869a\u00a0\u00bb header_2_font=\u00a0\u00bbOranienbaum|700|||||||\u00a0\u00bb header_2_text_color=\u00a0\u00bbgcid-d340c507-6d54-4d0b-a992-dc161371447a\u00a0\u00bb header_2_font_size=\u00a0\u00bb28px\u00a0\u00bb global_colors_info=\u00a0\u00bb{%22gcid-9dfd0cfb-55f4-48fb-b1a6-5eee068c869a%22:%91%22header_text_color%22%93,%22gcid-d340c507-6d54-4d0b-a992-dc161371447a%22:%91%22header_2_text_color%22%93}\u00a0\u00bb]<\/p>\n<h2>Barbara, th\u00e9rapeute en Shiatsu et experte en nutrition \u00e0 la Maison de Beaut\u00e9 Capeyron<\/h2>\n<p>[\/et_pb_text][et_pb_text _builder_version=\u00a0\u00bb4.24.0&Prime; _module_preset=\u00a0\u00bbef1e3f55-2bf8-444b-8b36-d386784045ed\u00a0\u00bb text_font=\u00a0\u00bbPoppins||||||||\u00a0\u00bb text_text_color=\u00a0\u00bbgcid-ff4238ef-1712-4e1c-9161-9652514bffb3&Prime; text_font_size=\u00a0\u00bb14px\u00a0\u00bb max_width=\u00a0\u00bb440px\u00a0\u00bb locked=\u00a0\u00bboff\u00a0\u00bb global_colors_info=\u00a0\u00bb{%22gcid-ff4238ef-1712-4e1c-9161-9652514bffb3%22:%91%22text_text_color%22%93}\u00a0\u00bb]<\/p>\n<p>Barbara est une th\u00e9rapeute exp\u00e9riment\u00e9e en Shiatsu au sein de la Maison de Beaut\u00e9 Capeyron \u00e0 M\u00e9rignac, offrant \u00e0 ses clientes un accompagnement holistique gr\u00e2ce \u00e0 sa formation compl\u00e8te en nutrition et micronutrition. Avec une approche \u00e0 la fois professionnelle et bienveillante, elle met tout son savoir-faire au service du bien-\u00eatre de ses clientes.<\/p>\n<p>Gr\u00e2ce \u00e0 ses comp\u00e9tences en Shiatsu, Barbara aide \u00e0 r\u00e9tablir l\u2019\u00e9quilibre \u00e9nerg\u00e9tique du corps, favorisant ainsi la d\u00e9tente, la vitalit\u00e9 et une meilleure sant\u00e9 globale. Son expertise en nutrition et micronutrition lui permet d\u2019accompagner ses clientes vers un mode de vie plus sain, en int\u00e9grant des conseils personnalis\u00e9s adapt\u00e9s aux besoins de chacune.<\/p>\n<p>Que ce soit pour une s\u00e9ance de Shiatsu relaxante ou pour des recommandations en mati\u00e8re de nutrition, Barbara veille \u00e0 offrir un service complet, adapt\u00e9 aux attentes de chaque cliente. \u00c0 la Maison de Beaut\u00e9 Capeyron, elle est la r\u00e9f\u00e9rence pour celles et ceux qui recherchent une approche globale du bien-\u00eatre \u00e0 M\u00e9rignac.<\/p>\n<p>[\/et_pb_text][et_pb_button button_url=\u00a0\u00bbhttps:\/\/shiatsu-bien-etre.fr\u00a0\u00bb button_text=\u00a0\u00bbR\u00e9server\u00a0\u00bb _builder_version=\u00a0\u00bb4.24.0&Prime; _module_preset=\u00a0\u00bbdefault\u00a0\u00bb custom_button=\u00a0\u00bbon\u00a0\u00bb button_text_color=\u00a0\u00bbgcid-b92786ff-ec87-4324-a2ab-968e5bd0cb80&Prime; button_bg_color=\u00a0\u00bbgcid-d340c507-6d54-4d0b-a992-dc161371447a\u00a0\u00bb button_border_width=\u00a0\u00bb0px\u00a0\u00bb button_border_radius=\u00a0\u00bb8px\u00a0\u00bb button_font=\u00a0\u00bbOranienbaum||||||||\u00a0\u00bb global_colors_info=\u00a0\u00bb{%22gcid-d340c507-6d54-4d0b-a992-dc161371447a%22:%91%22button_bg_color%22%93,%22gcid-b92786ff-ec87-4324-a2ab-968e5bd0cb80%22:%91%22button_text_color%22%93}\u00a0\u00bb][\/et_pb_button][\/et_pb_column][\/et_pb_row][et_pb_row column_structure=\u00a0\u00bb1_2,1_2&Prime; _builder_version=\u00a0\u00bb4.24.0&Prime; _module_preset=\u00a0\u00bbdefault\u00a0\u00bb global_colors_info=\u00a0\u00bb{}\u00a0\u00bb][et_pb_column type=\u00a0\u00bb1_2&Prime; _builder_version=\u00a0\u00bb4.24.0&Prime; _module_preset=\u00a0\u00bbdefault\u00a0\u00bb global_colors_info=\u00a0\u00bb{}\u00a0\u00bb][\/et_pb_column][et_pb_column type=\u00a0\u00bb1_2&Prime; _builder_version=\u00a0\u00bb4.24.0&Prime; _module_preset=\u00a0\u00bbdefault\u00a0\u00bb global_colors_info=\u00a0\u00bb{}\u00a0\u00bb][\/et_pb_column][\/et_pb_row][\/et_pb_section][et_pb_section fb_built=\u00a0\u00bb1&Prime; admin_label=\u00a0\u00bbCall to Action\u00a0\u00bb _builder_version=\u00a0\u00bb4.24.0&Prime; _module_preset=\u00a0\u00bbdefault\u00a0\u00bb use_background_color_gradient=\u00a0\u00bbon\u00a0\u00bb background_color_gradient_type=\u00a0\u00bbcircular\u00a0\u00bb background_color_gradient_stops=\u00a0\u00bbrgba(0,0,0,0.15) 0%|gcid-ff4238ef-1712-4e1c-9161-9652514bffb3 100%\u00a0\u00bb background_color_gradient_overlays_image=\u00a0\u00bbon\u00a0\u00bb background_image=\u00a0\u00bbhttp:\/\/maisondebeautecapeyron.fr\/wp-content\/uploads\/2024\/10\/CY1A9610-scaled.jpg\u00a0\u00bb parallax=\u00a0\u00bbon\u00a0\u00bb custom_padding=\u00a0\u00bb8%||8%||true|false\u00a0\u00bb locked=\u00a0\u00bboff\u00a0\u00bb collapsed=\u00a0\u00bbon\u00a0\u00bb global_colors_info=\u00a0\u00bb{%22gcid-f573140c-1aee-45c3-8139-70f397620b67%22:%91%22background_color_gradient_stops%22%93,%22gcid-d340c507-6d54-4d0b-a992-dc161371447a%22:%91%22background_color_gradient_stops%22%93,%22gcid-ff4238ef-1712-4e1c-9161-9652514bffb3%22:%91%22background_color_gradient_stops%22%93}\u00a0\u00bb][et_pb_row _builder_version=\u00a0\u00bb4.24.1&Prime; _module_preset=\u00a0\u00bbdefault\u00a0\u00bb max_width=\u00a0\u00bb800px\u00a0\u00bb global_colors_info=\u00a0\u00bb{}\u00a0\u00bb][et_pb_column type=\u00a0\u00bb4_4&Prime; _builder_version=\u00a0\u00bb4.24.1&Prime; _module_preset=\u00a0\u00bbdefault\u00a0\u00bb global_colors_info=\u00a0\u00bb{}\u00a0\u00bb][et_pb_text _builder_version=\u00a0\u00bb4.24.0&Prime; _module_preset=\u00a0\u00bbf00775e2-40b4-4903-b3ad-78d780565887&Prime; header_2_font=\u00a0\u00bbOranienbaum||||||||\u00a0\u00bb header_2_text_color=\u00a0\u00bbgcid-d340c507-6d54-4d0b-a992-dc161371447a\u00a0\u00bb text_orientation=\u00a0\u00bbcenter\u00a0\u00bb global_colors_info=\u00a0\u00bb{%22gcid-d340c507-6d54-4d0b-a992-dc161371447a%22:%91%22header_2_text_color%22%93}\u00a0\u00bb]<\/p>\n<h2>R\u00e9server d\u00e8s maintenant votre s\u00e9ance d\u00e9tente !<\/h2>\n<p>[\/et_pb_text][et_pb_button button_url=\u00a0\u00bbhttps:\/\/app.kiute.com\/la-maison-de-beaute-de-capeyron\/category\/4728561246470144&Prime; button_text=\u00a0\u00bbJe r\u00e9serve\u00a0\u00bb button_alignment=\u00a0\u00bbcenter\u00a0\u00bb _builder_version=\u00a0\u00bb4.24.0&Prime; _module_preset=\u00a0\u00bba6a8d511-1f58-4939-8181-88f778d55bc4&Prime; button_text_color=\u00a0\u00bbgcid-b92786ff-ec87-4324-a2ab-968e5bd0cb80&Prime; button_bg_color=\u00a0\u00bbgcid-d340c507-6d54-4d0b-a992-dc161371447a\u00a0\u00bb button_border_radius=\u00a0\u00bb14px\u00a0\u00bb button_font=\u00a0\u00bbPoppins|700||on|||||\u00a0\u00bb global_colors_info=\u00a0\u00bb{%22gcid-d340c507-6d54-4d0b-a992-dc161371447a%22:%91%22button_bg_color%22%93,%22gcid-b92786ff-ec87-4324-a2ab-968e5bd0cb80%22:%91%22button_text_color%22%93}\u00a0\u00bb][\/et_pb_button][\/et_pb_column][\/et_pb_row][\/et_pb_section]<\/p>\n","protected":false},"excerpt":{"rendered":"<p>Qui sommes nous ?D\u00e9couvrez les expertes qui, chaque jour, mettent leur savoir-faire et leur d\u00e9vouement au service de votre beaut\u00e9 et de votre bien-\u00eatre \u00e0 la Maison de Beaut\u00e9 Capeyron.Anciennement Aquarelle Institut, la Maison de Beaut\u00e9 Capeyron vous invite \u00e0 d\u00e9couvrir un espace enti\u00e8rement repens\u00e9 de plus de 180 m\u00b2, d\u00e9di\u00e9 \u00e0 la beaut\u00e9 et [&hellip;]<\/p>\n","protected":false},"author":1,"featured_media":0,"parent":0,"menu_order":0,"comment_status":"closed","ping_status":"closed","template":"","meta":{"_et_pb_use_builder":"on","_et_pb_old_content":"<!-- wp:divi\/placeholder \/-->","_et_gb_content_width":"","footnotes":""},"class_list":["post-263","page","type-page","status-publish","hentry"],"_links":{"self":[{"href":"https:\/\/maisondebeautecapeyron.fr\/index.php\/wp-json\/wp\/v2\/pages\/263","targetHints":{"allow":["GET"]}}],"collection":[{"href":"https:\/\/maisondebeautecapeyron.fr\/index.php\/wp-json\/wp\/v2\/pages"}],"about":[{"href":"https:\/\/maisondebeautecapeyron.fr\/index.php\/wp-json\/wp\/v2\/types\/page"}],"author":[{"embeddable":true,"href":"https:\/\/maisondebeautecapeyron.fr\/index.php\/wp-json\/wp\/v2\/users\/1"}],"replies":[{"embeddable":true,"href":"https:\/\/maisondebeautecapeyron.fr\/index.php\/wp-json\/wp\/v2\/comments?post=263"}],"version-history":[{"count":29,"href":"https:\/\/maisondebeautecapeyron.fr\/index.php\/wp-json\/wp\/v2\/pages\/263\/revisions"}],"predecessor-version":[{"id":1287,"href":"https:\/\/maisondebeautecapeyron.fr\/index.php\/wp-json\/wp\/v2\/pages\/263\/revisions\/1287"}],"wp:attachment":[{"href":"https:\/\/maisondebeautecapeyron.fr\/index.php\/wp-json\/wp\/v2\/media?parent=263"}],"curies":[{"name":"wp","href":"https:\/\/api.w.org\/{rel}","templated":true}]}}